{"id":7,"date":"2022-10-25T14:25:40","date_gmt":"2022-10-25T14:25:40","guid":{"rendered":"http:\/\/romanens.net\/?page_id=7"},"modified":"2024-03-05T15:40:44","modified_gmt":"2024-03-05T15:40:44","slug":"archives","status":"publish","type":"page","link":"https:\/\/romanens.net\/?page_id=7","title":{"rendered":"Archives"},"content":{"rendered":"\t\t<div data-elementor-type=\"wp-page\" data-elementor-id=\"7\" class=\"elementor elementor-7\">\n\t\t\t\t\t\t<section class=\"elementor-section elementor-top-section elementor-element elementor-element-22e81384 elementor-section-boxed elementor-section-height-default elementor-section-height-default\" data-id=\"22e81384\" data-element_type=\"section\">\n\t\t\t\t\t\t<div class=\"elementor-container elementor-column-gap-default\">\n\t\t\t\t\t<div class=\"elementor-column elementor-col-100 elementor-top-column elementor-element elementor-element-614082cb\" data-id=\"614082cb\" data-element_type=\"column\">\n\t\t\t<div class=\"elementor-widget-wrap elementor-element-populated\">\n\t\t\t\t\t\t<div class=\"elementor-element elementor-element-569d07b2 elementor-widget elementor-widget-text-editor\" data-id=\"569d07b2\" data-element_type=\"widget\" data-widget_type=\"text-editor.default\">\n\t\t\t\t<div class=\"elementor-widget-container\">\n\t\t\t\t\t\t\t\t\t<div class=\"\" id=\"em-view-1084385901\" data-view=\"list-grouped\">\r\n\t<div class=\"\" id=\"em-events-list-grouped-1084385901\">\r\n\t<h2>2026<\/h2> <a href=\"https:\/\/romanens.net\/?event=en-attendant-voisard-8\">En attendant Voisard<\/a> \/ 29 mars 2026<p>Caves du Manoir &#8211; Martigny<br \/>\n<a class=\"billetterie\" href=\"https:\/\/infomaniak.events\/fr-ch\/shop\/cellules-poetiques-festival-2026-24-29-mars-KFJA87XXTZ\/event\/1587476\">Billetterie<\/a><\/p>\n<br \/> <a href=\"https:\/\/romanens.net\/?event=electrographies-3\">Electrographies<\/a> \/ 5 mars 2026 &#8211; 6 mars 2026<p>L&#8217;Echandoles &#8211; Yverdon-les-Bains<br \/>\n<a class=\"billetterie\" href=\"https:\/\/echandole.ch\/spectacles\/romanens-calpini\/\">Billetterie<\/a><\/p>\n<br \/> <a href=\"https:\/\/romanens.net\/?event=courir-75\">Courir<\/a> \/ 12 f\u00e9vrier 2026<p>Wolubilis &#8211; Woluwe-Saint-Lambert &#8211; Bruxelles<br \/>\n<a class=\"billetterie\" href=\"https:\/\/shop.utick.net\/?module=ACTIVITYSERIEDETAILS&#038;pos=WOLUBILIS&#038;s=A8811B52-C743-E756-6A47-365688F2772D&#038;token=MTc2MDQzMDE2Mw==\" target=\"_blank\" rel=\"noopener\">Billetterie<\/a><\/p>\n<br \/> <a href=\"https:\/\/romanens.net\/?event=courir-76\">Courir<\/a> \/ 6 f\u00e9vrier 2026<p>Brassens &#8211; Avrill\u00e9<br \/>\n<a class=\"billetterie\" href=\"https:\/\/brassens-ville-avrille.notre-billetterie.fr\/formulaire?dial=sommaire\">Billetterie<\/a><\/p>\n<br \/> <a href=\"https:\/\/romanens.net\/?event=electrographies-2\">Electrographies<\/a> \/ 2 f\u00e9vrier 2026<p>Le Cremelin &#8211; Martigny<\/p>\n<br \/> <a href=\"https:\/\/romanens.net\/?event=courir-74\">Courir<\/a> \/ 27 janvier 2026<p>La Rampe &#8211; \u00c9chirolles<br \/>\n<a class=\"billetterie\" href=\"https:\/\/indiv.themisweb.fr\/0479\/fChoixSeanceWidget.aspx?idstructure=0479&#038;EventId=635&#038;request=QcE+w0WHSuBkvVGHGxfsOCkT\/YQDp6ezVrut6PHgtF\/TgzrapRSKj0xAjJc+UE1g&#038;yymm=20260127\" target=\"_blank\" rel=\"noopener\">Billetterie<\/a><\/p>\n<br \/> <a href=\"https:\/\/romanens.net\/?event=courir-73\">Courir<\/a> \/ 21 janvier 2026<p>Institut Florimont &#8211; Auditorium &#8211; Lancy<br \/>\n<a class=\"billetterie\" href=\"https:\/\/infomaniak.events\/fr-ch\/shop\/nomades-programmation-culturelle-de-la-ville-de-lancy-GEMNB374JR\/event\/1479797\/\" target=\"_blank\" rel=\"noopener\">Billetterie<\/a><\/p>\n<br \/> <a href=\"https:\/\/romanens.net\/?event=courir-72\">Courir<\/a> \/ 16 janvier 2026 &#8211; 17 janvier 2026<p>Th\u00e9\u00e2tre des Halles &#8211; Sierre<br \/>\n<a class=\"billetterie\" href=\"https:\/\/billetterie-theatreleshalles.mapado.com\/\" target=\"_blank\" rel=\"noopener\">Billetterie<\/a><\/p>\n<br \/> <a href=\"https:\/\/romanens.net\/?event=courir-71\">Courir<\/a> \/ 7 janvier 2026<p>Th\u00e9\u00e2tre du Passage &#8211; Neuch\u00e2tel<br \/>\n<a class=\"billetterie\" href=\"https:\/\/indiv.themisweb.fr\/0098\/fChoixSeanceWidget.aspx?idstructure=0098&#038;EventId=2656&#038;request=QcE+w0WHSuAXZB4QG9gWAfX0pYronInFBqzXUYE+v5Vy\/Qaz2SfvbMZbLIdbvqrh\" target=\"_blank\" rel=\"noopener\">Billetterie<\/a><\/p>\n<br \/><h2>2025<\/h2> <a href=\"https:\/\/romanens.net\/?event=courir-70\">Courir<\/a> \/ 6 d\u00e9cembre 2025 &#8211; 19 d\u00e9cembre 2025<p>Sc\u00e8nes du Gr\u00fctli &#8211; Gen\u00e8ve<br \/>\n<a class=\"billetterie\" href=\"https:\/\/infomaniak.events\/fr-ch\/theatre\/courir\/c10874aa-e271-4387-afe2-c3cd12e30d0a\/events\/1453991\" target=\"_blank\" rel=\"noopener\">Billetterie<\/a><\/p>\n<br \/> <a href=\"https:\/\/romanens.net\/?event=courir-69\">Courir<\/a> \/ 4 d\u00e9cembre 2025<p>Th\u00e9\u00e2tre Edwige Feuill\u00e8re &#8211; Vesoul<br \/>\n<a class=\"billetterie\" href=\"https:\/\/billetterie.theatre-edwige-feuillere.fr\/spectacle?id_spectacle=348&#038;lng=1\" target=\"_blank\" rel=\"noopener\">Billetterie<\/a><\/p>\n<br \/> <a href=\"https:\/\/romanens.net\/?event=courir-68\">Courir<\/a> \/ 20 novembre 2025<p>Th\u00e9\u00e2tre du Cormier &#8211; Cormeilles-en-Parisis<br \/>\n<a class=\"billetterie\" href=\"https:\/\/ville-cormeilles95.notre-billetterie.fr\/billets?kld=2526\" target=\"_blank\" rel=\"noopener\">Billetterie<\/a><\/p>\n<br \/> <a href=\"https:\/\/romanens.net\/?event=courir-67\">Courir<\/a> \/ 18 novembre 2025<p>Montigny-le-Bretonneux &#8211; Salle Jacques Brel<br \/>\n<a class=\"billetterie\" href=\"https:\/\/web.digitick.com\/courir-theatre-salle-jacques-brel-montigny-le-bretonneux-18-novembre-2025-css5-montignylebretonneux-pg101-ri11107319.html\" target=\"_blank\" rel=\"noopener\">Billetterie<\/a><\/p>\n<br \/> <a href=\"https:\/\/romanens.net\/?event=courir-66\">Courir<\/a> \/ 12 novembre 2025<p>Th\u00e9\u00e2tre Imp\u00e9rial de Compi\u00e8gne &#8211; Espace Jean Legendre &#8211; Salle Ravel<br \/>\n<a class=\"billetterie\" href=\"https:\/\/billetterie.espacejeanlegendre.com\/spectacle?id_spectacle=3147&#038;lng=1\" target=\"_blank\" rel=\"noopener\">Billetterie<\/a><\/p>\n<br \/> <a href=\"https:\/\/romanens.net\/?event=en-attendant-voisard-7\">En attendant Voisard<\/a> \/ 8 mai 2025<p>Espace Culturel Le Nouveau Monde, Fribourg<br \/>\n<a class=\"billetterie\" href=\"https:\/\/www.nouveaumonde.ch\/agenda\/\" target=\"_blank\" rel=\"noopener\">Plus d&#8217;infos<\/a><\/p>\n<br \/> <a href=\"https:\/\/romanens.net\/?event=en-attendant-voisard-3\">En attendant Voisard<\/a> \/ 11 avril 2025<p>Caf\u00e9 Th\u00e9\u00e2tre La Tour de Rive, Neuveville<br \/>\n<a class=\"billetterie\" href=\"https:\/\/www.latourderive.ch\/spectacle\/thierry_romanens\" target=\"_blank\" rel=\"noopener\">Plus d&#8217;infos<\/a><\/p>\n<br \/> <a href=\"https:\/\/romanens.net\/?event=chapitres-de-la-chute-saga-des-lehman-brothers-8\">Chapitres de la Chute &#8211; Saga des Lehman Brothers<\/a> \/ 13 mars 2025 &#8211; 15 mars 2025<p>TKM, Renens<br \/>\n<a class=\"billetterie\" href=\"https:\/\/tkm.shop.secutix.com\/selection\/event\/date?productId=10229239551729\" target=\"_blank\" rel=\"noopener\">Billetterie<\/a><\/p>\n<br \/> <a href=\"https:\/\/romanens.net\/?event=chapitres-de-la-chute-saga-des-lehman-brothers-7\">Chapitres de la Chute &#8211; Saga des Lehman Brothers<\/a> \/ 25 f\u00e9vrier 2025<p>Th\u00e9\u00e2tre Le Crochetan, Monthey<br \/>\n<a class=\"billetterie\" href=\"https:\/\/www.crochetan.ch\/event\/lehman-brothers\/\" target=\"_blank\" rel=\"noopener\">Billetterie<\/a><\/p>\n<br \/> <a href=\"https:\/\/romanens.net\/?event=chapitres-de-la-chute-saga-des-lehman-brothers-6\">Chapitres de la Chute &#8211; Saga des Lehman Brothers<\/a> \/ 7 f\u00e9vrier 2025<p>Usine \u00e0 Gaz, Nyon<br \/>\n<a class=\"billetterie\" href=\"https:\/\/usineagaz.ch\/event\/chapitres-de-la-chute-saga-des-lehman-brothers\/\" target=\"_blank\" rel=\"noopener\">Billetterie<\/a><\/p>\n<br \/> <a href=\"https:\/\/romanens.net\/?event=chapitres-de-la-chute-saga-des-lehman-brothers-5\">Chapitres de la Chute &#8211; Saga des Lehman Brothers<\/a> \/ 30 janvier 2025 &#8211; 31 janvier 2025<p>TPR, La Chaux de Fonds<br \/>\n<a class=\"billetterie\" href=\"https:\/\/www.tpr.ch\/saison-24-25\/chapitres-de-la-chute-saga-des-lehman-brothers\/\" target=\"_blank\" rel=\"noopener\">Billetterie<\/a><\/p>\n<br \/> <a href=\"https:\/\/romanens.net\/?event=chapitres-de-la-chute-saga-des-lehman-brothers-4\">Chapitres de la Chute &#8211; Saga des Lehman Brothers<\/a> \/ 24 janvier 2025<p>CO 2, saison culturelle, Bulle<br \/>\n<a class=\"billetterie\" href=\"https:\/\/www.co2-spectacle.ch\/events\/chapitres-de-la-chute-saga-des-lehman-brother\/?occurrence=2025-01-24\" target=\"_blank\" rel=\"noopener\">Billetterie<\/a><\/p>\n<br \/> <a href=\"https:\/\/romanens.net\/?event=chapitres-de-la-chute-saga-des-lehman-brothers-3\">Chapitres de la Chute &#8211; Saga des Lehman Brothers<\/a> \/ 9 janvier 2025 &#8211; 19 janvier 2025<p>Th\u00e9\u00e2tre du Gr\u00fctli, Gen\u00e8ve<br \/>\n<a class=\"billetterie\" href=\"https:\/\/grutli.ch\/programmation\/\" target=\"_blank\" rel=\"noopener\">Billetterie<\/a><\/p>\n<br \/><h2>2024<\/h2> <a href=\"https:\/\/romanens.net\/?event=chapitres-de-la-chute-saga-des-lehman-brothers-2\">Chapitres de la Chute &#8211; Saga des Lehman Brothers<\/a> \/ 4 octobre 2024 &#8211; 5 octobre 2024<p>Nuithonie, Villars-sur-Gl\u00e2ne<br \/>\n<a class=\"billetterie\" href=\"https:\/\/www.equilibre-nuithonie.ch\/fr\/spectacles\/chapitres-de-la-chute-saga-des-lehman-brothers\" target=\"_blank\" rel=\"noopener\">Billetterie<\/a><\/p>\n<br \/> <a href=\"https:\/\/romanens.net\/?event=en-attendant-voisard-6\">En attendant Voisard<\/a> \/ 30 ao\u00fbt 2024<p>Tilleul Festival, Villars-sous-Yens<br \/>\n<a class=\"billetterie\" href=\"https:\/\/www.tilleulfestival.com\/edition-2024\" target=\"_blank\" rel=\"noopener\">Plus d&#8217;infos<\/a><\/p>\n<br \/> <a href=\"https:\/\/romanens.net\/?event=courir-version-stade\">Courir version Stade<\/a> \/ 3 juillet 2024 &#8211; 21 juillet 2024<p>Th\u00e9\u00e2tre le Train Bleu &#8211; Hors les murs &#8211; Tiers Lieu Le Carmel, 3, Rue de l&#8217;Observance, Avignon<\/p>\n<br \/> <a href=\"https:\/\/romanens.net\/?event=chapitres-de-la-chute-saga-des-lehman-brothers\">Chapitres de la Chute &#8211; Saga des Lehman Brothers<\/a> \/ 28 juin 2024<p>Th\u00e9\u00e2tre du Jorat &#8211; M\u00e9zi\u00e8res VD<br \/>\n<a class=\"billetterie\" href=\"https:\/\/theatredujorat.ch\/spectacle\/chapitres-de-la-chute-saga-des-lehman-brothers\/\" target=\"_blank\" rel=\"noopener\">Billetterie<\/a><\/p>\n<br \/> <a href=\"https:\/\/romanens.net\/?event=courir-stade\">Courir version Stade<\/a> \/ 22 mai 2024 &#8211; 23 mai 2024<p>Le Reflet hors les murs &#8211; Stade de Coppet &#8211; Vevey<\/p>\n<br \/> <a href=\"https:\/\/romanens.net\/?event=courir-9\">Courir<\/a> \/ 27 avril 2024<p>Millau (France)<\/p>\n<br \/> <a href=\"https:\/\/romanens.net\/?event=courir-8\">Courir<\/a> \/ 25 avril 2024<p>Cahors (France)<\/p>\n<br \/> <a href=\"https:\/\/romanens.net\/?event=chapitres-de-la-chute-la-saga-des-lehman-brothers-4\">Chapitres de la Chute : La Saga des Lehman Brothers<\/a> \/ 14 mars 2024 &#8211; 15 mars 2024<p>Th\u00e9\u00e2tre Pr\u00e9-Aux-Moines, Cossonay<\/p>\n<br \/> <a href=\"https:\/\/romanens.net\/?event=en-attendant-voisard\">En attendant Voisard<\/a> \/ 13 janvier 2024<p>L&#8217;Echandole &#8211; Yverdon-les-Bains<\/p>\n<br \/> <a href=\"https:\/\/romanens.net\/?event=courir-7\">Courir<\/a> \/ 9 janvier 2024<p>Riom (France)<\/p>\n<br \/><h2>2023<\/h2> <a href=\"https:\/\/romanens.net\/?event=courir-6\">Courir<\/a> \/ 19 d\u00e9cembre 2023<p>Gonesse (France)<\/p>\n<br \/> <a href=\"https:\/\/romanens.net\/?event=courir-5\">Courir<\/a> \/ 16 d\u00e9cembre 2023<p>L&#8217;Arbanel &#8211; Treyvaux<\/p>\n<br \/> <a href=\"https:\/\/romanens.net\/?event=chapitres-de-la-chute-la-saga-des-lehman-brothers-3\">Chapitres de la Chute : La Saga des Lehman Brothers<\/a> \/ 8 d\u00e9cembre 2023 &#8211; 9 d\u00e9cembre 2023<p>Nebia, Bienne<\/p>\n<br \/> <a href=\"https:\/\/romanens.net\/?event=chapitres-de-la-chute-la-saga-des-lehman-brothers-2\">Chapitres de la Chute : La Saga des Lehman Brothers<\/a> \/ 6 d\u00e9cembre 2023<p>Th\u00e9\u00e2tre du Jura &#8211; Del\u00e9mont<\/p>\n<br \/> <a href=\"https:\/\/romanens.net\/?event=voisard-vous-avez-dit-voisard-6\">Voisard, vous avez dit Voisard<\/a> \/ 25 novembre 2023<p>Th\u00e9\u00e2tre Stok &#8211; Zurich<\/p>\n<br \/> <a href=\"https:\/\/romanens.net\/?event=courir-4\">Courir<\/a> \/ 24 novembre 2023<p>Vienne (France)<\/p>\n<br \/> <a href=\"https:\/\/romanens.net\/?event=courir-3\">Courir<\/a> \/ 6 octobre 2023<p>Saint-Gratien (France)<\/p>\n<br \/> <a href=\"https:\/\/romanens.net\/?event=chapitres-de-la-chute-la-saga-des-lehman-brothers\">Chapitres de la Chute : La Saga des Lehman Brothers<\/a> \/ 28 juin 2023 &#8211; 15 juillet 2023<p>Th\u00e9\u00e2tre de l&#8217;Orangerie &#8211; Gen\u00e8ve<\/p>\n<br \/> <a href=\"https:\/\/romanens.net\/?event=et-jai-crie-aline-5\">Courir<\/a> \/ 10 juin 2023<p>Bitche (France)<\/p>\n<br \/> <a href=\"https:\/\/romanens.net\/?event=et-jai-crie-aline-4\">Et j&#039;ai cri\u00e9 Aline<\/a> \/ 26 mai 2023<p>Th\u00e9\u00e2tre du Jorat &#8211; M\u00e9zi\u00e8res<\/p>\n<br \/> <a href=\"https:\/\/romanens.net\/?event=voisard-vous-avez-dit-voisard-3\">VOISARD, vous avez dit Voisard&#8230;<\/a> \/ 1 f\u00e9vrier 2023 &#8211; 8 f\u00e9vrier 2023<p>TKM &#8211; Renens<\/p>\n<br \/> <a href=\"https:\/\/romanens.net\/?event=et-jai-crie-aline\">Et j&#039;ai cri\u00e9 Aline<\/a> \/ 27 janvier 2023<p>Ville d&#8217;Onex<\/p>\n<br \/> <a href=\"https:\/\/romanens.net\/?event=voisard-vous-avez-dit-voisard-2\">VOISARD, vous avez dit Voisard&#8230;<\/a> \/ 25 janvier 2023<p>Ville d&#8217;Onex<\/p>\n<br \/> <a href=\"https:\/\/romanens.net\/?event=courir\">Courir<\/a> \/ 24 janvier 2023<p>Ville d&#8217;Onex<\/p>\n<br \/> <a href=\"https:\/\/romanens.net\/?event=et-jai-crie-aline-3\">Et j&#039;ai cri\u00e9 Aline<\/a> \/ 22 janvier 2023<p>Th\u00e9\u00e2tre du Passage &#8211; Neuch\u00e2tel<\/p>\n<br \/> <a href=\"https:\/\/romanens.net\/?event=et-jai-crie-aline-2\">Et j&#039;ai cri\u00e9 Aline<\/a> \/ 18 janvier 2023<p>Crochetan &#8211; Monthey<\/p>\n<br \/> <a href=\"https:\/\/romanens.net\/?event=voisard-vous-avez-dit-voisard\">VOISARD, vous avez dit Voisard&#8230;<\/a> \/ 13 janvier 2023<p>Casino Th\u00e9\u00e2tre \u2013 Rolle <\/p>\n<br \/><h2>2022<\/h2> <a href=\"https:\/\/romanens.net\/?event=en-attendant-voisard-5\">En attendant Voisard<\/a> \/ 25 novembre 2022 &#8211; 26 novembre 2022<p>CPO &#8211; Ouchy<\/p>\n<br \/> <a href=\"https:\/\/romanens.net\/?event=en-attendant-voisard-4\">En attendant Voisard<\/a> \/ 10 novembre 2022<p>Th\u00e9\u00e2tre de la Tournelle &#8211; Orbe<\/p>\n<br \/> <a href=\"https:\/\/romanens.net\/?event=et-jai-crie-aline-6\">Et j&#039;ai cri\u00e9 Aline<\/a> \/ 11 octobre 2022 &#8211; 15 octobre 2022<p>Crochetan &#8211; Monthey<\/p>\n<br \/> <a href=\"https:\/\/romanens.net\/?event=en-attendant-voisard-2022-premiere\">En attendant Voisard (2022) &#8211; Premi\u00e8re<\/a> \/ 28 septembre 2022 &#8211; 30 septembre 2022<p>Th\u00e9\u00e2tre du Jura, Del\u00e9mont<\/p>\n<br \/> <a href=\"https:\/\/romanens.net\/?event=en-attendant-voisard-2\">En attendant Voisard<\/a> \/ 7 juillet 2022 &#8211; 8 juillet 2022<p>Po\u00e9sie en Arrosoir, Cernier<\/p>\n<br \/> <a href=\"https:\/\/romanens.net\/?event=courir-2\">Courir<\/a> \/ 18 juin 2022<p>Onex<\/p>\n<br \/> <a href=\"https:\/\/romanens.net\/?event=courir-11\">Courir<\/a> \/ 21 mai 2022<p>Le Son du Fresnel, Beaucouz\u00e9 (FR)<\/p>\n<br \/> <a href=\"https:\/\/romanens.net\/?event=courir-10\">Courir<\/a> \/ 6 mai 2022<p>Grain de Sel, S\u00e9n\u00e9<\/p>\n<br \/> <a href=\"https:\/\/romanens.net\/?event=courir-12\">Courir<\/a> \/ 5 mai 2022<p>Centre Culturel Juliette Drouet, Foug\u00e8res (FR)<\/p>\n<br \/> <a href=\"https:\/\/romanens.net\/?event=courir-13\">Courir<\/a> \/ 3 mai 2022<p>L&#8217;Atelier Culturel, Landerneau (FR)<\/p>\n<br \/> <a href=\"https:\/\/romanens.net\/?event=courir-14\">Courir<\/a> \/ 30 avril 2022<p>Communaut\u00e9 Lannion Tregor (FR)<\/p>\n<br \/> <a href=\"https:\/\/romanens.net\/?event=courir-15\">Courir<\/a> \/ 29 avril 2022<p>L&#8217;Asphod\u00e8le, Questembert (FR)<\/p>\n<br \/> <a href=\"https:\/\/romanens.net\/?event=courir-16\">Courir<\/a> \/ 15 avril 2022<p>Th\u00e9\u00e2tre Albar\u00e8de, Ganges (FR)<\/p>\n<br \/> <a href=\"https:\/\/romanens.net\/?event=courir-17\">Courir<\/a> \/ 14 avril 2022<p>Service culturel, Tournefeuille (FR)<\/p>\n<br \/> <a href=\"https:\/\/romanens.net\/?event=courir-18\">Courir<\/a> \/ 8 avril 2022<p>Th\u00e9\u00e2tre de Marcoussis (FR)<\/p>\n<br \/> <a href=\"https:\/\/romanens.net\/?event=courir-19\">Courir<\/a> \/ 7 avril 2022<p>EVE, sc\u00e8ne universitaire, Le Mans (FR)<\/p>\n<br \/> <a href=\"https:\/\/romanens.net\/?event=courir-20\">Courir<\/a> \/ 5 avril 2022 &#8211; 6 avril 2022<p>Service culturel, Alen\u00e7on (FR)<\/p>\n<br \/> <a href=\"https:\/\/romanens.net\/?event=courir-21\">Courir<\/a> \/ 1 avril 2022<p>Relais culturel, Wissembourg (FR)<\/p>\n<br \/> <a href=\"https:\/\/romanens.net\/?event=courir-22\">Courir<\/a> \/ 31 mars 2022<p>Espace Rohan, relais culturel, Saverne (FR)<\/p>\n<br \/> <a href=\"https:\/\/romanens.net\/?event=courir-23\">Courir<\/a> \/ 30 mars 2022<p>Ville de Schiltigheim (FR)<\/p>\n<br \/> <a href=\"https:\/\/romanens.net\/?event=courir-24\">Courir<\/a> \/ 29 mars 2022<p>Maison des arts et de la culture, Bischwilier<\/p>\n<br \/> <a href=\"https:\/\/romanens.net\/?event=courir-25\">Courir<\/a> \/ 26 mars 2022<p>Service culturel, Saint-Pierre-les-Elbeuf (FR)<\/p>\n<br \/> <a href=\"https:\/\/romanens.net\/?event=courir-26\">Courir<\/a> \/ 25 mars 2022<p>C3, Le Cube, Douvres la D\u00e9livrande<\/p>\n<br \/> <a href=\"https:\/\/romanens.net\/?event=courir-27\">Courir<\/a> \/ 24 mars 2022<p>Le Kiosque, Mayenne (FR)<\/p>\n<br \/> <a href=\"https:\/\/romanens.net\/?event=courir-28\">Courir<\/a> \/ 22 mars 2022<p>Le Carroi, La Fl\u00e8che (FR)<\/p>\n<br \/> <a href=\"https:\/\/romanens.net\/?event=courir-29\">Courir<\/a> \/ 19 mars 2022<p>Th\u00e9\u00e2tre Philippe Noiret, Dou\u00e9 en Anjou (FR)<\/p>\n<br \/> <a href=\"https:\/\/romanens.net\/?event=courir-30\">Courir<\/a> \/ 18 mars 2022<p>Villages en sc\u00e8ne, Bellevigne en Layon (FR)<\/p>\n<br \/> <a href=\"https:\/\/romanens.net\/?event=courir-31\">Courir<\/a> \/ 17 mars 2022<p>La Bouche d&#8217;Air, Nantes (FR)<\/p>\n<br \/> <a href=\"https:\/\/romanens.net\/?event=courir-32\">Courir<\/a> \/ 11 mars 2022<p>Salle Leon Curral, Sallanches (FR)<\/p>\n<br \/> <a href=\"https:\/\/romanens.net\/?event=courir-33\">Courir<\/a> \/ 10 mars 2022<p>Service culturel, Ville de Rumilly (FR)<\/p>\n<br \/> <a href=\"https:\/\/romanens.net\/?event=courir-34\">Courir<\/a> \/ 9 mars 2022<p>Office de la Culture et de l&#8217;Animation, Bonneville<\/p>\n<br \/> <a href=\"https:\/\/romanens.net\/?event=courir-35\">Courir<\/a> \/ 6 mars 2022<p>Le Siroco, Saint-Romain de Colbosc (FR)<\/p>\n<br \/> <a href=\"https:\/\/romanens.net\/?event=courir-36\">Courir<\/a> \/ 4 mars 2022<p>Archipel, Granville (FR)<\/p>\n<br \/> <a href=\"https:\/\/romanens.net\/?event=courir-37\">Courir<\/a> \/ 26 f\u00e9vrier 2022<p>Mairie de Berthevin (FR)<\/p>\n<br \/> <a href=\"https:\/\/romanens.net\/?event=courir-38\">Courir<\/a> \/ 25 f\u00e9vrier 2022<p>Espace Coevrons, Evron (FR)<\/p>\n<br \/> <a href=\"https:\/\/romanens.net\/?event=courir-39\">Courir<\/a> \/ 22 f\u00e9vrier 2022<p>Le Centre Culturel Athanor, Gu\u00e9rande (FR)<\/p>\n<br \/> <a href=\"https:\/\/romanens.net\/?event=et-jai-crie-aline-13\">Et j&#039;ai cri\u00e9 Aline<\/a> \/ 20 f\u00e9vrier 2022<p>Th\u00e9\u00e2tre du Jura, Del\u00e9mont<\/p>\n<br \/> <a href=\"https:\/\/romanens.net\/?event=et-jai-crie-aline-12\">Et j&#039;ai cri\u00e9 Aline<\/a> \/ 18 f\u00e9vrier 2022<p>Pr\u00e9-aux-Moines, Cossonay<\/p>\n<br \/> <a href=\"https:\/\/romanens.net\/?event=courir-40\">Courir<\/a> \/ 5 f\u00e9vrier 2022<p>La Balise, Saint-Gilles Croix de Vie (FR)<\/p>\n<br \/> <a href=\"https:\/\/romanens.net\/?event=courir-41\">Courir<\/a> \/ 4 f\u00e9vrier 2022<p>Service culturel, Ol\u00e9ron (FR)<\/p>\n<br \/> <a href=\"https:\/\/romanens.net\/?event=et-jai-crie-aline-11\">Et j&#039;ai cri\u00e9 Aline<\/a> \/ 27 janvier 2022<p>La Prillaz, Estavayer-le-Lac<\/p>\n<br \/><h2>2021<\/h2> <a href=\"https:\/\/romanens.net\/?event=transpiration-3\">Transpiration<\/a> \/ 27 novembre 2021 &#8211; 28 novembre 2021<p>Th\u00e9\u00e2tre Benno Besson, Yverdon<\/p>\n<br \/> <a href=\"https:\/\/romanens.net\/?event=courir-42\">Courir<\/a> \/ 26 novembre 2021<p>Le Pas de l&#8217;Oiseau, Veynes (FR)<\/p>\n<br \/> <a href=\"https:\/\/romanens.net\/?event=transpiration\">Transpiration<\/a> \/ 24 novembre 2021 &#8211; 25 novembre 2021<p>Th\u00e9\u00e2tre Benno Besson, Yverdon<\/p>\n<br \/> <a href=\"https:\/\/romanens.net\/?event=courir-43\">Courir<\/a> \/ 21 novembre 2021<p>Service culture, Sum\u00e8ne Artense (FR)<\/p>\n<br \/> <a href=\"https:\/\/romanens.net\/?event=courir-44\">Courir<\/a> \/ 20 novembre 2021<p>Les Bains Douches; Ligni\u00e8res (FR)<\/p>\n<br \/> <a href=\"https:\/\/romanens.net\/?event=courir-45\">Courir<\/a> \/ 19 novembre 2021<p>L&#8217;Ame, Montargis (FR)<\/p>\n<br \/> <a href=\"https:\/\/romanens.net\/?event=courir-46\">Courir<\/a> \/ 16 novembre 2021<p>Maison de l&#8217;Universit\u00e9 de Rouen, Mont-Saint-Aignan (FR)<\/p>\n<br \/> <a href=\"https:\/\/romanens.net\/?event=transpiration-2\">Transpiration &#8211; Premi\u00e8re<\/a> \/ 4 novembre 2021 &#8211; 7 novembre 2021<p>Casino Th\u00e9\u00e2tre de Rolle<\/p>\n<br \/> <a href=\"https:\/\/romanens.net\/?event=courir-47\">Courir<\/a> \/ 9 octobre 2021<p>Le Diapason, Saint-Marcellin<\/p>\n<br \/> <a href=\"https:\/\/romanens.net\/?event=courir-48\">Courir<\/a> \/ 8 octobre 2021<p>MJC le Totem, Chamb\u00e9ry (FR)<\/p>\n<br \/> <a href=\"https:\/\/romanens.net\/?event=courir-49\">Courir<\/a> \/ 2 octobre 2021<p>Espace le Bois des Dames, Samo\u00ebns (FR)<\/p>\n<br \/><h2>2020<\/h2> <a href=\"https:\/\/romanens.net\/?event=et-jai-crie-aline-10\">Et j&#039;ai cri\u00e9 Aline<\/a> \/ 6 f\u00e9vrier 2020<p>Forum Meyrin<\/p>\n<br \/> <a href=\"https:\/\/romanens.net\/?event=et-jai-crie-aline-9\">Et j&#039;ai cri\u00e9 Aline<\/a> \/ 4 f\u00e9vrier 2020<p>Nebia, Bienne<\/p>\n<br \/> <a href=\"https:\/\/romanens.net\/?event=et-jai-crie-aline-8\">Et j&#039;ai cri\u00e9 Aline<\/a> \/ 31 janvier 2020 &#8211; 1 f\u00e9vrier 2020<p>Equilibre-Nuithonie, Fribourg<\/p>\n<br \/> <a href=\"https:\/\/romanens.net\/?event=et-jai-crie-aline-7\">Et j&#039;ai cri\u00e9 Aline<\/a> \/ 14 janvier 2020 &#8211; 26 janvier 2020<p>TKM, Renens<\/p>\n<br \/><h2>2019<\/h2> <a href=\"https:\/\/romanens.net\/?event=courir-50\">Courir<\/a> \/ 29 novembre 2019<p>Ch\u00e2teau Rouge, Annemasse (FR)<\/p>\n<br \/> <a href=\"https:\/\/romanens.net\/?event=courir-51\">Courir<\/a> \/ 24 ao\u00fbt 2019<p>Le Castrum, Yverdon-les-Bains (CH)<\/p>\n<br \/> <a href=\"https:\/\/romanens.net\/?event=courir-52\">Courir<\/a> \/ 9 mai 2019<p>Th\u00e9\u00e2tre Durance, Chateau Arnoux St Auban \/FR)<\/p>\n<br \/> <a href=\"https:\/\/romanens.net\/?event=courir-53\">Courir<\/a> \/ 7 mai 2019<p>Le Train-Th\u00e9\u00e2tre, Portes les Valences (FR)<\/p>\n<br \/> <a href=\"https:\/\/romanens.net\/?event=courir-54\">Courir<\/a> \/ 16 f\u00e9vrier 2019<p>Centre culturel Les Quinconces, Vals Les Bains (FR)<\/p>\n<br \/> <a href=\"https:\/\/romanens.net\/?event=courir-55\">Courir<\/a> \/ 15 f\u00e9vrier 2019<p>Le S\u00e9maphore, C\u00e9bazat (FR)<\/p>\n<br \/><h2>2018<\/h2> <a href=\"https:\/\/romanens.net\/?event=courir-56\">Courir<\/a> \/ 2 septembre 2018<p>Festival Les Jardins musicaux, Cernier (CH)<\/p>\n<br \/> <a href=\"https:\/\/romanens.net\/?event=courir-57\">Courir<\/a> \/ 15 juin 2018<p>Nebia, Biel\/Bienne (CH)<\/p>\n<br \/> <a href=\"https:\/\/romanens.net\/?event=courir-58\">Courir<\/a> \/ 4 avril 2018<p>Le Granit Sc\u00e8ne Nationale, Belfort (FR)<\/p>\n<br \/> <a href=\"https:\/\/romanens.net\/?event=courir-59\">Courir<\/a> \/ 16 mars 2018<p>Th\u00e9\u00e2tre Le Reflet, Vevey (CH)<\/p>\n<br \/> <a href=\"https:\/\/romanens.net\/?event=courir-60\">Courir<\/a> \/ 27 f\u00e9vrier 2018<p>Th\u00e9\u00e2tre du Crochetan, Monthey (CH)<\/p>\n<br \/> <a href=\"https:\/\/romanens.net\/?event=courir-61\">Courir<\/a> \/ 11 janvier 2018<p>Th\u00e9\u00e2tre de Beausobre, Morges (CH)<\/p>\n<br \/><h2>2017<\/h2> <a href=\"https:\/\/romanens.net\/?event=courir-62\">Courir<\/a> \/ 7 d\u00e9cembre 2017 &#8211; 10 d\u00e9cembre 2017<p>TKM Th\u00e9\u00e2tre Kl\u00e9ber-M\u00e9leau, Renens (CH)<\/p>\n<br \/> <a href=\"https:\/\/romanens.net\/?event=courir-63\">Courir<\/a> \/ 7 octobre 2017<p>L&#8217;Usine \u00e0 Gaz, Nyon (CH)<\/p>\n<br \/> <a href=\"https:\/\/romanens.net\/?event=courir-64\">Courir<\/a> \/ 6 octobre 2017<p>Salle CO2 Saison culturelle, La Tour-de-Tr\u00eame (CH)<\/p>\n<br \/><h2>2016<\/h2> <a href=\"https:\/\/romanens.net\/?event=courir-65\">Courir<\/a> \/ 9 novembre 2016 &#8211; 12 novembre 2016<p>PREMIERE &#8211; Equilibre-Nuithonie, Villars-sur-Gl\u00e2ne (CH)<\/p>\n<br \/><h2>2015<\/h2> <a href=\"https:\/\/romanens.net\/?event=voisard-vous-avez-dit-voisard-11\">VOISARD, vous avez dit Voisard&#8230;<\/a> \/ 21 octobre 2015<p>Frisc\u00e8nes, Fribourg<\/p>\n<br \/><h2>2013<\/h2> <a href=\"https:\/\/romanens.net\/?event=voisard-vous-avez-dit-voisard-10\">VOISARD, vous avez dit Voisard&#8230;<\/a> \/ 16 mars 2013<p>Th\u00e9\u00e2tre de Carouge, Gen\u00e8ve<\/p>\n<br \/> <a href=\"https:\/\/romanens.net\/?event=voisard-vous-avez-dit-voisard-9\">VOISARD, vous avez dit Voisard&#8230;<\/a> \/ 9 mars 2013<p>Equilibre-Nuithonie, Villars-sur-Gl\u00e2ne<\/p>\n<br \/><h2>2011<\/h2> <a href=\"https:\/\/romanens.net\/?event=voisard-vous-avez-dit-voisard-8\">VOISARD, vous avez dit Voisard&#8230;<\/a> \/ 15 d\u00e9cembre 2011 &#8211; 17 d\u00e9cembre 2011<p>Th\u00e9\u00e2tre l&#8217;Echandole, Yverdon<\/p>\n<br \/> <a href=\"https:\/\/romanens.net\/?event=voisard-vous-avez-dit-voisard-7\">VOISARD, vous avez dit Voisard&#8230;<\/a> \/ 1 octobre 2011<p>Vidy Th\u00e9\u00e2tre, Lausanne<\/p>\n<br \/>\t<\/div>\r\n<\/div>\t\t\t\t\t\t\t\t<\/div>\n\t\t\t\t<\/div>\n\t\t\t\t\t<\/div>\n\t\t<\/div>\n\t\t\t\t\t<\/div>\n\t\t<\/section>\n\t\t\t\t<\/div>\n\t\t","protected":false},"excerpt":{"rendered":"<div class=\"tmnf_excerpt clearfix\"><p>CONTENTS<\/p>\n<\/div>","protected":false},"author":1,"featured_media":0,"parent":0,"menu_order":0,"comment_status":"closed","ping_status":"closed","template":"","meta":{"footnotes":""},"class_list":["post-7","page","type-page","status-publish","hentry"],"_links":{"self":[{"href":"https:\/\/romanens.net\/index.php?rest_route=\/wp\/v2\/pages\/7","targetHints":{"allow":["GET"]}}],"collection":[{"href":"https:\/\/romanens.net\/index.php?rest_route=\/wp\/v2\/pages"}],"about":[{"href":"https:\/\/romanens.net\/index.php?rest_route=\/wp\/v2\/types\/page"}],"author":[{"embeddable":true,"href":"https:\/\/romanens.net\/index.php?rest_route=\/wp\/v2\/users\/1"}],"replies":[{"embeddable":true,"href":"https:\/\/romanens.net\/index.php?rest_route=%2Fwp%2Fv2%2Fcomments&post=7"}],"version-history":[{"count":47,"href":"https:\/\/romanens.net\/index.php?rest_route=\/wp\/v2\/pages\/7\/revisions"}],"predecessor-version":[{"id":6717,"href":"https:\/\/romanens.net\/index.php?rest_route=\/wp\/v2\/pages\/7\/revisions\/6717"}],"wp:attachment":[{"href":"https:\/\/romanens.net\/index.php?rest_route=%2Fwp%2Fv2%2Fmedia&parent=7"}],"curies":[{"name":"wp","href":"https:\/\/api.w.org\/{rel}","templated":true}]}}