{"id":5730,"date":"2021-07-02T06:40:18","date_gmt":"2021-07-02T06:40:18","guid":{"rendered":"http:\/\/dannci.wpmasters.org\/cultera\/modern\/events\/"},"modified":"2025-10-14T07:39:20","modified_gmt":"2025-10-14T07:39:20","slug":"events","status":"publish","type":"page","link":"https:\/\/romanens.net\/?page_id=5730","title":{"rendered":"Toutes les repr\u00e9sentations"},"content":{"rendered":"\t\t<div data-elementor-type=\"wp-page\" data-elementor-id=\"5730\" class=\"elementor elementor-5730\">\n\t\t\t\t\t\t<section class=\"elementor-section elementor-top-section elementor-element elementor-element-1686920b elementor-section-boxed elementor-section-height-default elementor-section-height-default\" data-id=\"1686920b\" data-element_type=\"section\">\n\t\t\t\t\t\t<div class=\"elementor-container elementor-column-gap-default\">\n\t\t\t\t\t<div class=\"elementor-column elementor-col-100 elementor-top-column elementor-element elementor-element-1b81c40c\" data-id=\"1b81c40c\" data-element_type=\"column\">\n\t\t\t<div class=\"elementor-widget-wrap elementor-element-populated\">\n\t\t\t\t\t\t<div class=\"elementor-element elementor-element-10f0ad0f elementor-widget elementor-widget-text-editor\" data-id=\"10f0ad0f\" data-element_type=\"widget\" data-widget_type=\"text-editor.default\">\n\t\t\t\t<div class=\"elementor-widget-container\">\n\t\t\t\t\t\t\t\t\t<div class=\"\" id=\"em-view-1841125293\" data-view=\"list\">\r\n\t<div class=\"\" id=\"em-events-list-1841125293\" data-view-id=\"1841125293\">\r\n\t<table class=\"events-table\">\r\n<tbody><tr>\r\n<td class=\"date\">\r\n22 avril 2026 &#8211; 9 mai 2026\r\n<\/td>\r\n<td class=\"list_text\">\r\n<img decoding=\"async\" width=\"130\" height=\"130\" src=\"https:\/\/romanens.net\/wp-content\/uploads\/2026\/04\/1-150x150.jpg\" class=\"attachment-130x130 size-130x130 wp-post-image\" alt=\"Henry IV \u2013 Anatomie du pouvoir\" \/>\r\n<h4><a href=\"https:\/\/romanens.net\/?event=henry-iv-anatomie-du-pouvoir\">Henry IV \u2013 Anatomie du pouvoir<\/a><\/h4>\r\n\r\n<p>Sc\u00e8nes du Gr\u00fctli &#8211; Gen\u00e8ve<br \/>\n<a class=\"billetterie\" href=\"https:\/\/infomaniak.events\/fr-ch\/theatre\/henry-iv\/801b4149-a1f2-49b3-ad92-471382f1124f\/events\/1396320\">Billetterie<\/a><\/p>\n\r\n<\/td>\r\n<\/tr><tr>\r\n<td class=\"date\">\r\n29 mai 2026\r\n<\/td>\r\n<td class=\"list_text\">\r\n<img decoding=\"async\" width=\"130\" height=\"130\" src=\"https:\/\/romanens.net\/wp-content\/uploads\/2026\/04\/1-150x150.jpg\" class=\"attachment-130x130 size-130x130 wp-post-image\" alt=\"Henry IV \u2013 Anatomie du pouvoir\" \/>\r\n<h4><a href=\"https:\/\/romanens.net\/?event=henry-iv-anatomie-du-pouvoir-2\">Henry IV \u2013 Anatomie du pouvoir<\/a><\/h4>\r\n\r\n<p>Th\u00e9\u00e2tre du Jorat &#8211; M\u00e9zi\u00e8res<br \/>\n<a class=\"billetterie\" href=\"https:\/\/theatredujorat.ch\/spectacle\/henry-iv\/\">Billetterie<\/a><\/p>\n\r\n<\/td>\r\n<\/tr><tr>\r\n<td class=\"date\">\r\n24 novembre 2026 &#8211; 20 d\u00e9cembre 2026\r\n<\/td>\r\n<td class=\"list_text\">\r\n<img decoding=\"async\" width=\"130\" height=\"130\" src=\"https:\/\/romanens.net\/wp-content\/uploads\/2026\/04\/1-150x150.jpg\" class=\"attachment-130x130 size-130x130 wp-post-image\" alt=\"Henry IV \u2013 Anatomie du pouvoir\" \/>\r\n<h4><a href=\"https:\/\/romanens.net\/?event=henry-iv-anatomie-du-pouvoir-3\">Henry IV \u2013 Anatomie du pouvoir<\/a><\/h4>\r\n\r\n<p>Th\u00e9\u00e2tre des Osses &#8211; Givisiez<\/p>\n\r\n<\/td>\r\n<\/tr><tr>\r\n<td class=\"date\">\r\n25 f\u00e9vrier 2027 &#8211; 28 f\u00e9vrier 2027\r\n<\/td>\r\n<td class=\"list_text\">\r\n<img decoding=\"async\" width=\"130\" height=\"130\" src=\"https:\/\/romanens.net\/wp-content\/uploads\/2026\/04\/1-150x150.jpg\" class=\"attachment-130x130 size-130x130 wp-post-image\" alt=\"Henry IV \u2013 Anatomie du pouvoir\" \/>\r\n<h4><a href=\"https:\/\/romanens.net\/?event=henry-iv-anatomie-du-pouvoir-4\">Henry IV \u2013 Anatomie du pouvoir<\/a><\/h4>\r\n\r\n<p>Centre culturel des Terreaux &#8211; Lausanne<\/p>\n\r\n<\/td>\r\n<\/tr><tr>\r\n<td class=\"date\">\r\n4 mars 2027 &#8211; 7 mars 2027\r\n<\/td>\r\n<td class=\"list_text\">\r\n<img decoding=\"async\" width=\"130\" height=\"130\" src=\"https:\/\/romanens.net\/wp-content\/uploads\/2026\/04\/1-150x150.jpg\" class=\"attachment-130x130 size-130x130 wp-post-image\" alt=\"Henry IV \u2013 Anatomie du pouvoir\" \/>\r\n<h4><a href=\"https:\/\/romanens.net\/?event=henry-iv-anatomie-du-pouvoir-5\">Henry IV \u2013 Anatomie du pouvoir<\/a><\/h4>\r\n\r\n<p>Th\u00e9\u00e2tre Benno Besson &#8211; Yverdon-les-Bains<\/p>\n\r\n<\/td>\r\n<\/tr><tr>\r\n<td class=\"date\">\r\n9 mars 2027\r\n<\/td>\r\n<td class=\"list_text\">\r\n<img decoding=\"async\" width=\"130\" height=\"130\" src=\"https:\/\/romanens.net\/wp-content\/uploads\/2026\/04\/1-150x150.jpg\" class=\"attachment-130x130 size-130x130 wp-post-image\" alt=\"Henry IV \u2013 Anatomie du pouvoir\" \/>\r\n<h4><a href=\"https:\/\/romanens.net\/?event=henry-iv-anatomie-du-pouvoir-6\">Henry IV \u2013 Anatomie du pouvoir<\/a><\/h4>\r\n\r\n<p>Th\u00e9\u00e2tre Le Reflet &#8211; Vevey<\/p>\n\r\n<\/td>\r\n<\/tr><\/tbody><\/table>\t<\/div>\r\n<\/div>\t\t\t\t\t\t\t\t<\/div>\n\t\t\t\t<\/div>\n\t\t\t\t\t<\/div>\n\t\t<\/div>\n\t\t\t\t\t<\/div>\n\t\t<\/section>\n\t\t\t\t<\/div>\n\t\t","protected":false},"excerpt":{"rendered":"<div class=\"tmnf_excerpt clearfix\"><p>CONTENTS<\/p>\n<\/div>","protected":false},"author":1,"featured_media":0,"parent":0,"menu_order":0,"comment_status":"closed","ping_status":"closed","template":"template-fullwidth.php","meta":{"footnotes":""},"class_list":["post-5730","page","type-page","status-publish","hentry"],"_links":{"self":[{"href":"https:\/\/romanens.net\/index.php?rest_route=\/wp\/v2\/pages\/5730","targetHints":{"allow":["GET"]}}],"collection":[{"href":"https:\/\/romanens.net\/index.php?rest_route=\/wp\/v2\/pages"}],"about":[{"href":"https:\/\/romanens.net\/index.php?rest_route=\/wp\/v2\/types\/page"}],"author":[{"embeddable":true,"href":"https:\/\/romanens.net\/index.php?rest_route=\/wp\/v2\/users\/1"}],"replies":[{"embeddable":true,"href":"https:\/\/romanens.net\/index.php?rest_route=%2Fwp%2Fv2%2Fcomments&post=5730"}],"version-history":[{"count":12,"href":"https:\/\/romanens.net\/index.php?rest_route=\/wp\/v2\/pages\/5730\/revisions"}],"predecessor-version":[{"id":6849,"href":"https:\/\/romanens.net\/index.php?rest_route=\/wp\/v2\/pages\/5730\/revisions\/6849"}],"wp:attachment":[{"href":"https:\/\/romanens.net\/index.php?rest_route=%2Fwp%2Fv2%2Fmedia&parent=5730"}],"curies":[{"name":"wp","href":"https:\/\/api.w.org\/{rel}","templated":true}]}}